{"id":132,"date":"2023-12-29T20:41:28","date_gmt":"2023-12-29T19:41:28","guid":{"rendered":"https:\/\/leshistoriensdupresent.fr\/?page_id=132"},"modified":"2024-09-30T17:34:41","modified_gmt":"2024-09-30T15:34:41","slug":"qui-sommes-nous","status":"publish","type":"page","link":"https:\/\/leshistoriensdupresent.fr\/index.php\/qui-sommes-nous\/","title":{"rendered":"Qui sommes-nous"},"content":{"rendered":"\t\t<div data-elementor-type=\"wp-page\" data-elementor-id=\"132\" class=\"elementor elementor-132\">\n\t\t\t\t<div class=\"elementor-element elementor-element-db36314 e-flex e-con-boxed e-con e-parent\" data-id=\"db36314\" data-element_type=\"container\" data-e-type=\"container\">\n\t\t\t\t\t<div class=\"e-con-inner\">\n\t\t<div class=\"elementor-element elementor-element-f314b02 e-flex e-con-boxed e-con e-child\" data-id=\"f314b02\" data-element_type=\"container\" data-e-type=\"container\">\n\t\t\t\t\t<div class=\"e-con-inner\">\n\t\t\t\t<div class=\"elementor-element elementor-element-2778997 elementor-widget elementor-widget-image\" data-id=\"2778997\" data-element_type=\"widget\" data-e-type=\"widget\" data-widget_type=\"image.default\">\n\t\t\t\t<div class=\"elementor-widget-container\">\n\t\t\t\t\t\t\t\t\t\t\t\t\t\t\t<img fetchpriority=\"high\" decoding=\"async\" width=\"750\" height=\"750\" src=\"https:\/\/leshistoriensdupresent.fr\/wp-content\/uploads\/2024\/06\/file-768x768.jpg\" class=\"attachment-medium_large size-medium_large wp-image-1057\" alt=\"\" srcset=\"https:\/\/leshistoriensdupresent.fr\/wp-content\/uploads\/2024\/06\/file-768x768.jpg 768w, https:\/\/leshistoriensdupresent.fr\/wp-content\/uploads\/2024\/06\/file-300x300.jpg 300w, https:\/\/leshistoriensdupresent.fr\/wp-content\/uploads\/2024\/06\/file-1024x1024.jpg 1024w, https:\/\/leshistoriensdupresent.fr\/wp-content\/uploads\/2024\/06\/file-150x150.jpg 150w, https:\/\/leshistoriensdupresent.fr\/wp-content\/uploads\/2024\/06\/file.jpg 1080w\" sizes=\"(max-width: 750px) 100vw, 750px\" style=\"width:100%;height:100%;max-width:1080px\" \/>\t\t\t\t\t\t\t\t\t\t\t\t\t\t\t<\/div>\n\t\t\t\t<\/div>\n\t\t\t\t<div class=\"elementor-element elementor-element-03ad6a0 elementor-widget elementor-widget-text-editor\" data-id=\"03ad6a0\" data-element_type=\"widget\" data-e-type=\"widget\" data-widget_type=\"text-editor.default\">\n\t\t\t\t<div class=\"elementor-widget-container\">\n\t\t\t\t\t\t\t\t\t<p>Thierry MARGOT<\/p><p>Auteur et interpr\u00e8te<\/p>\t\t\t\t\t\t\t\t<\/div>\n\t\t\t\t<\/div>\n\t\t\t\t\t<\/div>\n\t\t\t\t<\/div>\n\t\t<div class=\"elementor-element elementor-element-9de9188 e-con-full e-flex e-con e-child\" data-id=\"9de9188\" data-element_type=\"container\" data-e-type=\"container\">\n\t\t\t\t<div class=\"elementor-element elementor-element-2cba8b4 elementor-widget elementor-widget-image\" data-id=\"2cba8b4\" data-element_type=\"widget\" data-e-type=\"widget\" data-widget_type=\"image.default\">\n\t\t\t\t<div class=\"elementor-widget-container\">\n\t\t\t\t\t\t\t\t\t\t\t\t\t\t\t<img decoding=\"async\" width=\"750\" height=\"750\" src=\"https:\/\/leshistoriensdupresent.fr\/wp-content\/uploads\/2024\/06\/file-1-768x768.jpg\" class=\"attachment-medium_large size-medium_large wp-image-1058\" alt=\"\" srcset=\"https:\/\/leshistoriensdupresent.fr\/wp-content\/uploads\/2024\/06\/file-1-768x768.jpg 768w, https:\/\/leshistoriensdupresent.fr\/wp-content\/uploads\/2024\/06\/file-1-300x300.jpg 300w, https:\/\/leshistoriensdupresent.fr\/wp-content\/uploads\/2024\/06\/file-1-1024x1024.jpg 1024w, https:\/\/leshistoriensdupresent.fr\/wp-content\/uploads\/2024\/06\/file-1-150x150.jpg 150w, https:\/\/leshistoriensdupresent.fr\/wp-content\/uploads\/2024\/06\/file-1.jpg 1080w\" sizes=\"(max-width: 750px) 100vw, 750px\" style=\"width:100%;height:100%;max-width:1080px\" \/>\t\t\t\t\t\t\t\t\t\t\t\t\t\t\t<\/div>\n\t\t\t\t<\/div>\n\t\t\t\t<div class=\"elementor-element elementor-element-602ea1a elementor-widget elementor-widget-text-editor\" data-id=\"602ea1a\" data-element_type=\"widget\" data-e-type=\"widget\" data-widget_type=\"text-editor.default\">\n\t\t\t\t<div class=\"elementor-widget-container\">\n\t\t\t\t\t\t\t\t\t<p>Anne-Sophie PERRIER<\/p><p>Interpr\u00e8te et technicienne<\/p>\t\t\t\t\t\t\t\t<\/div>\n\t\t\t\t<\/div>\n\t\t\t\t<\/div>\n\t\t<div class=\"elementor-element elementor-element-a8b76ef e-con-full e-flex e-con e-child\" data-id=\"a8b76ef\" data-element_type=\"container\" data-e-type=\"container\">\n\t\t\t\t<div class=\"elementor-element elementor-element-f5bb93d elementor-widget elementor-widget-image\" data-id=\"f5bb93d\" data-element_type=\"widget\" data-e-type=\"widget\" data-widget_type=\"image.default\">\n\t\t\t\t<div class=\"elementor-widget-container\">\n\t\t\t\t\t\t\t\t\t\t\t\t\t\t\t<img decoding=\"async\" width=\"750\" height=\"750\" src=\"https:\/\/leshistoriensdupresent.fr\/wp-content\/uploads\/2024\/06\/EC_Portrait_Gallery-768x768.jpg\" class=\"attachment-medium_large size-medium_large wp-image-1048\" alt=\"\" srcset=\"https:\/\/leshistoriensdupresent.fr\/wp-content\/uploads\/2024\/06\/EC_Portrait_Gallery-768x768.jpg 768w, https:\/\/leshistoriensdupresent.fr\/wp-content\/uploads\/2024\/06\/EC_Portrait_Gallery-300x300.jpg 300w, https:\/\/leshistoriensdupresent.fr\/wp-content\/uploads\/2024\/06\/EC_Portrait_Gallery-1024x1024.jpg 1024w, https:\/\/leshistoriensdupresent.fr\/wp-content\/uploads\/2024\/06\/EC_Portrait_Gallery-150x150.jpg 150w, https:\/\/leshistoriensdupresent.fr\/wp-content\/uploads\/2024\/06\/EC_Portrait_Gallery.jpg 1080w\" sizes=\"(max-width: 750px) 100vw, 750px\" style=\"width:100%;height:100%;max-width:1080px\" \/>\t\t\t\t\t\t\t\t\t\t\t\t\t\t\t<\/div>\n\t\t\t\t<\/div>\n\t\t\t\t<div class=\"elementor-element elementor-element-b4b053d elementor-widget elementor-widget-text-editor\" data-id=\"b4b053d\" data-element_type=\"widget\" data-e-type=\"widget\" data-widget_type=\"text-editor.default\">\n\t\t\t\t<div class=\"elementor-widget-container\">\n\t\t\t\t\t\t\t\t\t<p>Eric CHATELAIN<\/p><p>Pr\u00e9sident et photographe<\/p>\t\t\t\t\t\t\t\t<\/div>\n\t\t\t\t<\/div>\n\t\t\t\t<\/div>\n\t\t\t\t\t<\/div>\n\t\t\t\t<\/div>\n\t\t<div class=\"elementor-element elementor-element-a9d3cdc e-flex e-con-boxed e-con e-parent\" data-id=\"a9d3cdc\" data-element_type=\"container\" data-e-type=\"container\">\n\t\t\t\t\t<div class=\"e-con-inner\">\n\t\t\t\t<div class=\"elementor-element elementor-element-a33540c elementor-widget-divider--view-line elementor-widget elementor-widget-divider\" data-id=\"a33540c\" data-element_type=\"widget\" data-e-type=\"widget\" data-widget_type=\"divider.default\">\n\t\t\t\t<div class=\"elementor-widget-container\">\n\t\t\t\t\t\t\t<div class=\"elementor-divider\">\n\t\t\t<span class=\"elementor-divider-separator\">\n\t\t\t\t\t\t<\/span>\n\t\t<\/div>\n\t\t\t\t\t\t<\/div>\n\t\t\t\t<\/div>\n\t\t\t\t<div class=\"elementor-element elementor-element-95532e9 elementor-widget elementor-widget-text-editor\" data-id=\"95532e9\" data-element_type=\"widget\" data-e-type=\"widget\" data-widget_type=\"text-editor.default\">\n\t\t\t\t<div class=\"elementor-widget-container\">\n\t\t\t\t\t\t\t\t\t<p>Cr\u00e9\u00e9e en 2023, l&rsquo;association \u00ab\u00a0Les Historiens du Pr\u00e9sent\u00a0\u00bb est n\u00e9e de trente ans<\/p>\n<p>d&rsquo;exp\u00e9rience dans la cr\u00e9ation, la production et l&rsquo;organisation de spectacles vivants. Elle<\/p>\n<p>a la vocation simple et originelle de raconter des histoires \u00e0 un large public dans un<\/p>\n<p>r\u00e9pertoire diverse et vari\u00e9. Com\u00e9die, drame, trag\u00e9die, suspense, musique, danse,<\/p>\n<p>po\u00e9sie&#8230; Les genres se m\u00ealent et s\u2019emm\u00ealent dans des \u0153uvres qui traitent de sujets<\/p>\n<p>soci\u00e9taux, de moments de vie ou de t\u00e9moignages afin d&rsquo;ouvrir une fen\u00eatre par laquelle<\/p>\n<p>chacun est libre de regarder ou non.<\/p><div><br><\/div>\t\t\t\t\t\t\t\t<\/div>\n\t\t\t\t<\/div>\n\t\t\t\t<div class=\"elementor-element elementor-element-6016a2c elementor-widget elementor-widget-text-editor\" data-id=\"6016a2c\" data-element_type=\"widget\" data-e-type=\"widget\" data-widget_type=\"text-editor.default\">\n\t\t\t\t<div class=\"elementor-widget-container\">\n\t\t\t\t\t\t\t\t\t<p><strong>Retrouvez nos vid\u00e9os et s\u00e9ries web sur notre cha\u00eene Youtube\u00a0:<\/strong><br \/><a href=\"https:\/\/www.youtube.com\/@Leshistoriensdupresent\"><strong>https:\/\/www.youtube.com\/@Leshistoriensdupresent<\/strong><\/a><\/p>\t\t\t\t\t\t\t\t<\/div>\n\t\t\t\t<\/div>\n\t\t\t\t\t<\/div>\n\t\t\t\t<\/div>\n\t\t<div class=\"elementor-element elementor-element-bfcfc62 e-flex e-con-boxed e-con e-parent\" data-id=\"bfcfc62\" data-element_type=\"container\" data-e-type=\"container\">\n\t\t\t\t\t<div class=\"e-con-inner\">\n\t\t\t\t\t<\/div>\n\t\t\t\t<\/div>\n\t\t\t\t<\/div>\n\t\t","protected":false},"excerpt":{"rendered":"<p>Thierry MARGOT Auteur et interpr\u00e8te Anne-Sophie PERRIER Interpr\u00e8te et technicienne Eric CHATELAIN Pr\u00e9sident et photographe Cr\u00e9\u00e9e en 2023, l&rsquo;association \u00ab\u00a0Les Historiens du Pr\u00e9sent\u00a0\u00bb est n\u00e9e de trente ans d&rsquo;exp\u00e9rience dans la cr\u00e9ation, la production et l&rsquo;organisation de spectacles vivants. Elle a la vocation simple et originelle de raconter des histoires \u00e0 un large public dans&hellip; <a class=\"more-link\" href=\"https:\/\/leshistoriensdupresent.fr\/index.php\/qui-sommes-nous\/\">Poursuivre la lecture <span class=\"screen-reader-text\">Qui sommes-nous<\/span><\/a><\/p>\n","protected":false},"author":1,"featured_media":0,"parent":0,"menu_order":0,"comment_status":"closed","ping_status":"closed","template":"elementor_header_footer","meta":{"footnotes":""},"class_list":["post-132","page","type-page","status-publish","hentry","entry"],"_links":{"self":[{"href":"https:\/\/leshistoriensdupresent.fr\/index.php\/wp-json\/wp\/v2\/pages\/132","targetHints":{"allow":["GET"]}}],"collection":[{"href":"https:\/\/leshistoriensdupresent.fr\/index.php\/wp-json\/wp\/v2\/pages"}],"about":[{"href":"https:\/\/leshistoriensdupresent.fr\/index.php\/wp-json\/wp\/v2\/types\/page"}],"author":[{"embeddable":true,"href":"https:\/\/leshistoriensdupresent.fr\/index.php\/wp-json\/wp\/v2\/users\/1"}],"replies":[{"embeddable":true,"href":"https:\/\/leshistoriensdupresent.fr\/index.php\/wp-json\/wp\/v2\/comments?post=132"}],"version-history":[{"count":19,"href":"https:\/\/leshistoriensdupresent.fr\/index.php\/wp-json\/wp\/v2\/pages\/132\/revisions"}],"predecessor-version":[{"id":1147,"href":"https:\/\/leshistoriensdupresent.fr\/index.php\/wp-json\/wp\/v2\/pages\/132\/revisions\/1147"}],"wp:attachment":[{"href":"https:\/\/leshistoriensdupresent.fr\/index.php\/wp-json\/wp\/v2\/media?parent=132"}],"curies":[{"name":"wp","href":"https:\/\/api.w.org\/{rel}","templated":true}]}}