{"id":975,"date":"2024-04-22T11:39:23","date_gmt":"2024-04-22T09:39:23","guid":{"rendered":"https:\/\/leshistoriensdupresent.fr\/?page_id=975"},"modified":"2024-06-27T20:59:01","modified_gmt":"2024-06-27T18:59:01","slug":"je-vis-avec-freddie-mercury","status":"publish","type":"page","link":"https:\/\/leshistoriensdupresent.fr\/index.php\/je-vis-avec-freddie-mercury\/","title":{"rendered":"JE VIS AVEC FREDDIE MERCURY"},"content":{"rendered":"\t\t<div data-elementor-type=\"wp-page\" data-elementor-id=\"975\" class=\"elementor elementor-975\">\n\t\t\t\t<div class=\"elementor-element elementor-element-59d295e e-flex e-con-boxed elementor-invisible e-con e-parent\" data-id=\"59d295e\" data-element_type=\"container\" data-e-type=\"container\" data-settings=\"{&quot;animation&quot;:&quot;fadeInLeft&quot;}\">\n\t\t\t\t\t<div class=\"e-con-inner\">\n\t\t<div class=\"elementor-element elementor-element-88ef828 e-flex e-con-boxed e-con e-child\" data-id=\"88ef828\" data-element_type=\"container\" data-e-type=\"container\">\n\t\t\t\t\t<div class=\"e-con-inner\">\n\t\t\t\t<div class=\"elementor-element elementor-element-76d701e elementor-widget__width-initial elementor-widget elementor-widget-video\" data-id=\"76d701e\" data-element_type=\"widget\" data-e-type=\"widget\" data-settings=\"{&quot;youtube_url&quot;:&quot;https:\\\/\\\/www.youtube.com\\\/watch?v=9S7kisepV2c&amp;list=PLdYjimsjyVdZXC6uVgU2DZH8ZKXFJwn9N&amp;index=9&quot;,&quot;video_type&quot;:&quot;youtube&quot;,&quot;controls&quot;:&quot;yes&quot;}\" data-widget_type=\"video.default\">\n\t\t\t\t<div class=\"elementor-widget-container\">\n\t\t\t\t\t\t\t<div class=\"elementor-wrapper elementor-open-inline\">\n\t\t\t<div class=\"elementor-video\"><\/div>\t\t<\/div>\n\t\t\t\t\t\t<\/div>\n\t\t\t\t<\/div>\n\t\t\t\t\t<\/div>\n\t\t\t\t<\/div>\n\t\t<div class=\"elementor-element elementor-element-b0d5212 e-grid e-con-boxed e-con e-child\" data-id=\"b0d5212\" data-element_type=\"container\" data-e-type=\"container\">\n\t\t\t\t\t<div class=\"e-con-inner\">\n\t\t\t\t<div class=\"elementor-element elementor-element-77f7a70 elementor-widget elementor-widget-text-editor\" data-id=\"77f7a70\" data-element_type=\"widget\" data-e-type=\"widget\" data-widget_type=\"text-editor.default\">\n\t\t\t\t<div class=\"elementor-widget-container\">\n\t\t\t\t\t\t\t\t\t<div><span style=\"font-size: large;\">JE VIS AVEC FREDDIE MERCURY<br><\/span><\/div>\n<div><span style=\"font-size: large;\">&nbsp;<\/span><span style=\"font-size: large; color: var(--global--color-primary); font-family: var(--global--font-secondary);\">Auteur et interpr\u00e8te : Thierry MARGOT<\/span><\/div>\n<div><span style=\"font-size: large;\">Mise en sc\u00e8ne : David FURLONG<\/span><\/div>\n<div><span style=\"font-size: large;\">Cr\u00e9ation lumi\u00e8re : Cl\u00e9ment COLLE<\/span><\/div>\n<div><span style=\"font-size: large;\">Dur\u00e9e : 1h30<\/span><\/div>\n<div><span style=\"font-size: large;\">Public : D\u00e8s 7 ans<\/span><\/div>\t\t\t\t\t\t\t\t<\/div>\n\t\t\t\t<\/div>\n\t\t\t\t<div class=\"elementor-element elementor-element-cfc924a elementor-widget__width-auto elementor-widget elementor-widget-image\" data-id=\"cfc924a\" data-element_type=\"widget\" data-e-type=\"widget\" data-widget_type=\"image.default\">\n\t\t\t\t<div class=\"elementor-widget-container\">\n\t\t\t\t\t\t\t\t\t\t\t\t\t\t\t<img fetchpriority=\"high\" decoding=\"async\" width=\"724\" height=\"1024\" src=\"https:\/\/leshistoriensdupresent.fr\/wp-content\/uploads\/2024\/01\/Affiche-Freddie-debut-pour-site-02-724x1024.png\" class=\"attachment-large size-large wp-image-412\" alt=\"\" srcset=\"https:\/\/leshistoriensdupresent.fr\/wp-content\/uploads\/2024\/01\/Affiche-Freddie-debut-pour-site-02-724x1024.png 724w, https:\/\/leshistoriensdupresent.fr\/wp-content\/uploads\/2024\/01\/Affiche-Freddie-debut-pour-site-02-212x300.png 212w, https:\/\/leshistoriensdupresent.fr\/wp-content\/uploads\/2024\/01\/Affiche-Freddie-debut-pour-site-02-768x1086.png 768w, https:\/\/leshistoriensdupresent.fr\/wp-content\/uploads\/2024\/01\/Affiche-Freddie-debut-pour-site-02-1086x1536.png 1086w, https:\/\/leshistoriensdupresent.fr\/wp-content\/uploads\/2024\/01\/Affiche-Freddie-debut-pour-site-02-1448x2048.png 1448w, https:\/\/leshistoriensdupresent.fr\/wp-content\/uploads\/2024\/01\/Affiche-Freddie-debut-pour-site-02-1568x2218.png 1568w\" sizes=\"(max-width: 724px) 100vw, 724px\" style=\"width:100%;height:141.42%;max-width:4961px\" \/>\t\t\t\t\t\t\t\t\t\t\t\t\t\t\t<\/div>\n\t\t\t\t<\/div>\n\t\t\t\t<div class=\"elementor-element elementor-element-0e6682c elementor-widget elementor-widget-text-editor\" data-id=\"0e6682c\" data-element_type=\"widget\" data-e-type=\"widget\" data-widget_type=\"text-editor.default\">\n\t\t\t\t<div class=\"elementor-widget-container\">\n\t\t\t\t\t\t\t\t\t<div>L&rsquo;histoire :<\/div>\n<div>&nbsp;<\/div>\n<div>\n<p><i><b>Pour revivre Wembley dans la t\u00eate de Jean-Fran\u00e7ois<\/b><\/i><\/p><p><i><b><br><\/b><\/i><\/p>\n<p>Jean-Fran\u00e7ois a un don : il est le sosie de Freddie Mercury\u2026 En tout cas, c\u2019est ce qu\u2019il pense !<\/p><p><br>De son enfance difficile \u00e0 sa vie d\u2019adulte compliqu\u00e9e, Jean-Fran\u00e7ois ne nous cache rien\u2026<\/p>\n<p>Dr\u00f4le, souvent musical et parfois \u00e9mouvant, ce personnage simple va nous balader dans&nbsp;<span class=\"il\">les<\/span>&nbsp;recoins de son imagination transformant le moindre souvenir en chanson de Queen.<\/p><p><br>Chaque ann\u00e9e est un album, chaque mois une chanson, chaque semaine un refrain, chaque jour : un don de Queen !<\/p><p><br><\/p>\n<p>Si Dieu sauve la reine, Queen sauve Jean-Fran\u00e7ois !<\/p>\n<\/div>\t\t\t\t\t\t\t\t<\/div>\n\t\t\t\t<\/div>\n\t\t\t\t\t<\/div>\n\t\t\t\t<\/div>\n\t\t\t\t<div class=\"elementor-element elementor-element-e5094fc elementor-widget-divider--view-line elementor-widget elementor-widget-divider\" data-id=\"e5094fc\" data-element_type=\"widget\" data-e-type=\"widget\" data-widget_type=\"divider.default\">\n\t\t\t\t<div class=\"elementor-widget-container\">\n\t\t\t\t\t\t\t<div class=\"elementor-divider\">\n\t\t\t<span class=\"elementor-divider-separator\">\n\t\t\t\t\t\t<\/span>\n\t\t<\/div>\n\t\t\t\t\t\t<\/div>\n\t\t\t\t<\/div>\n\t\t\t\t<div class=\"elementor-element elementor-element-93f6c1a elementor-widget-tablet__width-initial elementor-widget elementor-widget-text-editor\" data-id=\"93f6c1a\" data-element_type=\"widget\" data-e-type=\"widget\" data-widget_type=\"text-editor.default\">\n\t\t\t\t<div class=\"elementor-widget-container\">\n\t\t\t\t\t\t\t\t\t<p><i><b>Mais encore\u2026<\/b><\/i><br \/><br \/>\u00ab\u00a0Je vis avec Freddie Mercury\u00a0\u00bb est un spectacle comme vous n\u2019en avez jamais vu. C\u2019est un v\u00e9ritable th\u00e9\u00e2tro-concert, d\u2019un style inclassable, telle la musique de Queen.<\/p><p><br \/>De l\u2019humour, de l\u2019\u00e9motion, du chant, du piano, des lumi\u00e8res \u00a0exceptionnelles, une \u00e9criture juste et touchante, un jeu de com\u00e9dien au sommet de son art, tout est pr\u00e9sent dans ce spectacle pour vivre un moment inoubliable. \u00a0<\/p><p><br \/><strong>Un v\u00e9ritable succ\u00e8s o\u00f9 le public, conquis, se l\u00e8ve chaque soir.<\/strong><\/p>\t\t\t\t\t\t\t\t<\/div>\n\t\t\t\t<\/div>\n\t\t\t\t<div class=\"elementor-element elementor-element-e7a2c3e elementor-widget-divider--view-line elementor-widget elementor-widget-divider\" data-id=\"e7a2c3e\" data-element_type=\"widget\" data-e-type=\"widget\" data-widget_type=\"divider.default\">\n\t\t\t\t<div class=\"elementor-widget-container\">\n\t\t\t\t\t\t\t<div class=\"elementor-divider\">\n\t\t\t<span class=\"elementor-divider-separator\">\n\t\t\t\t\t\t<\/span>\n\t\t<\/div>\n\t\t\t\t\t\t<\/div>\n\t\t\t\t<\/div>\n\t\t\t\t\t<\/div>\n\t\t\t\t<\/div>\n\t\t<div class=\"elementor-element elementor-element-78a4539 e-flex e-con-boxed e-con e-parent\" data-id=\"78a4539\" data-element_type=\"container\" data-e-type=\"container\">\n\t\t\t\t\t<div class=\"e-con-inner\">\n\t\t\t\t<div class=\"elementor-element elementor-element-7be54d8 gallery-spacing-custom elementor-widget__width-inherit elementor-invisible elementor-widget elementor-widget-image-gallery\" data-id=\"7be54d8\" data-element_type=\"widget\" data-e-type=\"widget\" data-settings=\"{&quot;_animation&quot;:&quot;fadeIn&quot;}\" data-widget_type=\"image-gallery.default\">\n\t\t\t\t<div class=\"elementor-widget-container\">\n\t\t\t\t\t\t\t<div class=\"elementor-image-gallery\">\n\t\t\t<div id='gallery-1' class='gallery galleryid-975 gallery-columns-7 gallery-size-medium_large'><figure class='gallery-item'>\n\t\t\t<div class='gallery-icon landscape'>\n\t\t\t\t<a data-elementor-open-lightbox=\"yes\" data-elementor-lightbox-slideshow=\"7be54d8\" data-elementor-lightbox-title=\"FM_6276\" data-e-action-hash=\"#elementor-action%3Aaction%3Dlightbox%26settings%3DeyJpZCI6OTU4LCJ1cmwiOiJodHRwczpcL1wvbGVzaGlzdG9yaWVuc2R1cHJlc2VudC5mclwvd3AtY29udGVudFwvdXBsb2Fkc1wvMjAyNFwvMDRcL0ZNXzYyNzYuanBnIiwic2xpZGVzaG93IjoiN2JlNTRkOCJ9\" href='https:\/\/leshistoriensdupresent.fr\/wp-content\/uploads\/2024\/04\/FM_6276.jpg'><img decoding=\"async\" width=\"750\" height=\"500\" src=\"https:\/\/leshistoriensdupresent.fr\/wp-content\/uploads\/2024\/04\/FM_6276-768x512.jpg\" class=\"attachment-medium_large size-medium_large\" alt=\"\" srcset=\"https:\/\/leshistoriensdupresent.fr\/wp-content\/uploads\/2024\/04\/FM_6276-768x512.jpg 768w, https:\/\/leshistoriensdupresent.fr\/wp-content\/uploads\/2024\/04\/FM_6276-300x200.jpg 300w, https:\/\/leshistoriensdupresent.fr\/wp-content\/uploads\/2024\/04\/FM_6276-1024x683.jpg 1024w, https:\/\/leshistoriensdupresent.fr\/wp-content\/uploads\/2024\/04\/FM_6276-1536x1024.jpg 1536w, https:\/\/leshistoriensdupresent.fr\/wp-content\/uploads\/2024\/04\/FM_6276-1568x1046.jpg 1568w, https:\/\/leshistoriensdupresent.fr\/wp-content\/uploads\/2024\/04\/FM_6276.jpg 1600w\" sizes=\"(max-width: 750px) 100vw, 750px\" style=\"width:100%;height:66.69%;max-width:1600px;\" \/><\/a>\n\t\t\t<\/div><\/figure><figure class='gallery-item'>\n\t\t\t<div class='gallery-icon landscape'>\n\t\t\t\t<a data-elementor-open-lightbox=\"yes\" data-elementor-lightbox-slideshow=\"7be54d8\" data-elementor-lightbox-title=\"FM_6219\" data-e-action-hash=\"#elementor-action%3Aaction%3Dlightbox%26settings%3DeyJpZCI6OTU5LCJ1cmwiOiJodHRwczpcL1wvbGVzaGlzdG9yaWVuc2R1cHJlc2VudC5mclwvd3AtY29udGVudFwvdXBsb2Fkc1wvMjAyNFwvMDRcL0ZNXzYyMTkuanBnIiwic2xpZGVzaG93IjoiN2JlNTRkOCJ9\" href='https:\/\/leshistoriensdupresent.fr\/wp-content\/uploads\/2024\/04\/FM_6219.jpg'><img decoding=\"async\" width=\"750\" height=\"501\" src=\"https:\/\/leshistoriensdupresent.fr\/wp-content\/uploads\/2024\/04\/FM_6219-768x513.jpg\" class=\"attachment-medium_large size-medium_large\" alt=\"\" srcset=\"https:\/\/leshistoriensdupresent.fr\/wp-content\/uploads\/2024\/04\/FM_6219-768x513.jpg 768w, https:\/\/leshistoriensdupresent.fr\/wp-content\/uploads\/2024\/04\/FM_6219-300x200.jpg 300w, https:\/\/leshistoriensdupresent.fr\/wp-content\/uploads\/2024\/04\/FM_6219-1024x684.jpg 1024w, https:\/\/leshistoriensdupresent.fr\/wp-content\/uploads\/2024\/04\/FM_6219-1536x1026.jpg 1536w, https:\/\/leshistoriensdupresent.fr\/wp-content\/uploads\/2024\/04\/FM_6219-1568x1048.jpg 1568w, https:\/\/leshistoriensdupresent.fr\/wp-content\/uploads\/2024\/04\/FM_6219.jpg 1594w\" sizes=\"(max-width: 750px) 100vw, 750px\" style=\"width:100%;height:66.81%;max-width:1594px;\" \/><\/a>\n\t\t\t<\/div><\/figure><figure class='gallery-item'>\n\t\t\t<div class='gallery-icon landscape'>\n\t\t\t\t<a data-elementor-open-lightbox=\"yes\" data-elementor-lightbox-slideshow=\"7be54d8\" data-elementor-lightbox-title=\"FM_7265\" data-e-action-hash=\"#elementor-action%3Aaction%3Dlightbox%26settings%3DeyJpZCI6OTYwLCJ1cmwiOiJodHRwczpcL1wvbGVzaGlzdG9yaWVuc2R1cHJlc2VudC5mclwvd3AtY29udGVudFwvdXBsb2Fkc1wvMjAyNFwvMDRcL0ZNXzcyNjUuanBnIiwic2xpZGVzaG93IjoiN2JlNTRkOCJ9\" href='https:\/\/leshistoriensdupresent.fr\/wp-content\/uploads\/2024\/04\/FM_7265.jpg'><img loading=\"lazy\" decoding=\"async\" width=\"750\" height=\"500\" src=\"https:\/\/leshistoriensdupresent.fr\/wp-content\/uploads\/2024\/04\/FM_7265-768x512.jpg\" class=\"attachment-medium_large size-medium_large\" alt=\"\" srcset=\"https:\/\/leshistoriensdupresent.fr\/wp-content\/uploads\/2024\/04\/FM_7265-768x512.jpg 768w, https:\/\/leshistoriensdupresent.fr\/wp-content\/uploads\/2024\/04\/FM_7265-300x200.jpg 300w, https:\/\/leshistoriensdupresent.fr\/wp-content\/uploads\/2024\/04\/FM_7265-1024x683.jpg 1024w, https:\/\/leshistoriensdupresent.fr\/wp-content\/uploads\/2024\/04\/FM_7265-1536x1024.jpg 1536w, https:\/\/leshistoriensdupresent.fr\/wp-content\/uploads\/2024\/04\/FM_7265-1568x1046.jpg 1568w, https:\/\/leshistoriensdupresent.fr\/wp-content\/uploads\/2024\/04\/FM_7265.jpg 1600w\" sizes=\"(max-width: 750px) 100vw, 750px\" style=\"width:100%;height:66.69%;max-width:1600px;\" \/><\/a>\n\t\t\t<\/div><\/figure><figure class='gallery-item'>\n\t\t\t<div class='gallery-icon landscape'>\n\t\t\t\t<a data-elementor-open-lightbox=\"yes\" data-elementor-lightbox-slideshow=\"7be54d8\" data-elementor-lightbox-title=\"FM_6610\" data-e-action-hash=\"#elementor-action%3Aaction%3Dlightbox%26settings%3DeyJpZCI6OTYxLCJ1cmwiOiJodHRwczpcL1wvbGVzaGlzdG9yaWVuc2R1cHJlc2VudC5mclwvd3AtY29udGVudFwvdXBsb2Fkc1wvMjAyNFwvMDRcL0ZNXzY2MTAuanBnIiwic2xpZGVzaG93IjoiN2JlNTRkOCJ9\" href='https:\/\/leshistoriensdupresent.fr\/wp-content\/uploads\/2024\/04\/FM_6610.jpg'><img loading=\"lazy\" decoding=\"async\" width=\"750\" height=\"500\" src=\"https:\/\/leshistoriensdupresent.fr\/wp-content\/uploads\/2024\/04\/FM_6610-768x512.jpg\" class=\"attachment-medium_large size-medium_large\" alt=\"\" srcset=\"https:\/\/leshistoriensdupresent.fr\/wp-content\/uploads\/2024\/04\/FM_6610-768x512.jpg 768w, https:\/\/leshistoriensdupresent.fr\/wp-content\/uploads\/2024\/04\/FM_6610-300x200.jpg 300w, https:\/\/leshistoriensdupresent.fr\/wp-content\/uploads\/2024\/04\/FM_6610-1024x683.jpg 1024w, https:\/\/leshistoriensdupresent.fr\/wp-content\/uploads\/2024\/04\/FM_6610-1536x1024.jpg 1536w, https:\/\/leshistoriensdupresent.fr\/wp-content\/uploads\/2024\/04\/FM_6610-1568x1046.jpg 1568w, https:\/\/leshistoriensdupresent.fr\/wp-content\/uploads\/2024\/04\/FM_6610.jpg 1600w\" sizes=\"(max-width: 750px) 100vw, 750px\" style=\"width:100%;height:66.69%;max-width:1600px;\" \/><\/a>\n\t\t\t<\/div><\/figure><figure class='gallery-item'>\n\t\t\t<div class='gallery-icon landscape'>\n\t\t\t\t<a data-elementor-open-lightbox=\"yes\" data-elementor-lightbox-slideshow=\"7be54d8\" data-elementor-lightbox-title=\"FM_7156\" data-e-action-hash=\"#elementor-action%3Aaction%3Dlightbox%26settings%3DeyJpZCI6OTYyLCJ1cmwiOiJodHRwczpcL1wvbGVzaGlzdG9yaWVuc2R1cHJlc2VudC5mclwvd3AtY29udGVudFwvdXBsb2Fkc1wvMjAyNFwvMDRcL0ZNXzcxNTYuanBnIiwic2xpZGVzaG93IjoiN2JlNTRkOCJ9\" href='https:\/\/leshistoriensdupresent.fr\/wp-content\/uploads\/2024\/04\/FM_7156.jpg'><img loading=\"lazy\" decoding=\"async\" width=\"750\" height=\"500\" src=\"https:\/\/leshistoriensdupresent.fr\/wp-content\/uploads\/2024\/04\/FM_7156-768x512.jpg\" class=\"attachment-medium_large size-medium_large\" alt=\"\" srcset=\"https:\/\/leshistoriensdupresent.fr\/wp-content\/uploads\/2024\/04\/FM_7156-768x512.jpg 768w, https:\/\/leshistoriensdupresent.fr\/wp-content\/uploads\/2024\/04\/FM_7156-300x200.jpg 300w, https:\/\/leshistoriensdupresent.fr\/wp-content\/uploads\/2024\/04\/FM_7156-1024x683.jpg 1024w, https:\/\/leshistoriensdupresent.fr\/wp-content\/uploads\/2024\/04\/FM_7156-1536x1024.jpg 1536w, https:\/\/leshistoriensdupresent.fr\/wp-content\/uploads\/2024\/04\/FM_7156-1568x1046.jpg 1568w, https:\/\/leshistoriensdupresent.fr\/wp-content\/uploads\/2024\/04\/FM_7156.jpg 1600w\" sizes=\"(max-width: 750px) 100vw, 750px\" style=\"width:100%;height:66.69%;max-width:1600px;\" \/><\/a>\n\t\t\t<\/div><\/figure><figure class='gallery-item'>\n\t\t\t<div class='gallery-icon landscape'>\n\t\t\t\t<a data-elementor-open-lightbox=\"yes\" data-elementor-lightbox-slideshow=\"7be54d8\" data-elementor-lightbox-title=\"FM_6820\" data-e-action-hash=\"#elementor-action%3Aaction%3Dlightbox%26settings%3DeyJpZCI6OTYzLCJ1cmwiOiJodHRwczpcL1wvbGVzaGlzdG9yaWVuc2R1cHJlc2VudC5mclwvd3AtY29udGVudFwvdXBsb2Fkc1wvMjAyNFwvMDRcL0ZNXzY4MjAuanBnIiwic2xpZGVzaG93IjoiN2JlNTRkOCJ9\" href='https:\/\/leshistoriensdupresent.fr\/wp-content\/uploads\/2024\/04\/FM_6820.jpg'><img loading=\"lazy\" decoding=\"async\" width=\"750\" height=\"500\" src=\"https:\/\/leshistoriensdupresent.fr\/wp-content\/uploads\/2024\/04\/FM_6820-768x512.jpg\" class=\"attachment-medium_large size-medium_large\" alt=\"\" srcset=\"https:\/\/leshistoriensdupresent.fr\/wp-content\/uploads\/2024\/04\/FM_6820-768x512.jpg 768w, https:\/\/leshistoriensdupresent.fr\/wp-content\/uploads\/2024\/04\/FM_6820-300x200.jpg 300w, https:\/\/leshistoriensdupresent.fr\/wp-content\/uploads\/2024\/04\/FM_6820-1024x683.jpg 1024w, https:\/\/leshistoriensdupresent.fr\/wp-content\/uploads\/2024\/04\/FM_6820-1536x1024.jpg 1536w, https:\/\/leshistoriensdupresent.fr\/wp-content\/uploads\/2024\/04\/FM_6820-1568x1046.jpg 1568w, https:\/\/leshistoriensdupresent.fr\/wp-content\/uploads\/2024\/04\/FM_6820.jpg 1600w\" sizes=\"(max-width: 750px) 100vw, 750px\" style=\"width:100%;height:66.69%;max-width:1600px;\" \/><\/a>\n\t\t\t<\/div><\/figure><figure class='gallery-item'>\n\t\t\t<div class='gallery-icon landscape'>\n\t\t\t\t<a data-elementor-open-lightbox=\"yes\" data-elementor-lightbox-slideshow=\"7be54d8\" data-elementor-lightbox-title=\"FM_7016\" data-e-action-hash=\"#elementor-action%3Aaction%3Dlightbox%26settings%3DeyJpZCI6OTY0LCJ1cmwiOiJodHRwczpcL1wvbGVzaGlzdG9yaWVuc2R1cHJlc2VudC5mclwvd3AtY29udGVudFwvdXBsb2Fkc1wvMjAyNFwvMDRcL0ZNXzcwMTYuanBnIiwic2xpZGVzaG93IjoiN2JlNTRkOCJ9\" href='https:\/\/leshistoriensdupresent.fr\/wp-content\/uploads\/2024\/04\/FM_7016.jpg'><img loading=\"lazy\" decoding=\"async\" width=\"750\" height=\"500\" src=\"https:\/\/leshistoriensdupresent.fr\/wp-content\/uploads\/2024\/04\/FM_7016-768x512.jpg\" class=\"attachment-medium_large size-medium_large\" alt=\"\" srcset=\"https:\/\/leshistoriensdupresent.fr\/wp-content\/uploads\/2024\/04\/FM_7016-768x512.jpg 768w, https:\/\/leshistoriensdupresent.fr\/wp-content\/uploads\/2024\/04\/FM_7016-300x200.jpg 300w, https:\/\/leshistoriensdupresent.fr\/wp-content\/uploads\/2024\/04\/FM_7016-1024x683.jpg 1024w, https:\/\/leshistoriensdupresent.fr\/wp-content\/uploads\/2024\/04\/FM_7016-1536x1024.jpg 1536w, https:\/\/leshistoriensdupresent.fr\/wp-content\/uploads\/2024\/04\/FM_7016-1568x1046.jpg 1568w, https:\/\/leshistoriensdupresent.fr\/wp-content\/uploads\/2024\/04\/FM_7016.jpg 1600w\" sizes=\"(max-width: 750px) 100vw, 750px\" style=\"width:100%;height:66.69%;max-width:1600px;\" \/><\/a>\n\t\t\t<\/div><\/figure>\n\t\t<\/div>\n\t\t<\/div>\n\t\t\t\t\t\t<\/div>\n\t\t\t\t<\/div>\n\t\t\t\t\t<\/div>\n\t\t\t\t<\/div>\n\t\t\t\t<\/div>\n\t\t","protected":false},"excerpt":{"rendered":"<p>https:\/\/www.youtube.com\/watch?v=9S7kisepV2c&#038;list=PLdYjimsjyVdZXC6uVgU2DZH8ZKXFJwn9N&#038;index=9JE VIS AVEC FREDDIE MERCURY &nbsp;Auteur et interpr\u00e8te : Thierry MARGOT Mise en sc\u00e8ne : David FURLONG Cr\u00e9ation lumi\u00e8re : Cl\u00e9ment COLLE Dur\u00e9e : 1h30 Public : D\u00e8s 7 ans L&rsquo;histoire : &nbsp; Pour revivre Wembley dans la t\u00eate de Jean-Fran\u00e7ois Jean-Fran\u00e7ois a un don : il est le sosie de Freddie Mercury\u2026 En tout&hellip; <a class=\"more-link\" href=\"https:\/\/leshistoriensdupresent.fr\/index.php\/je-vis-avec-freddie-mercury\/\">Poursuivre la lecture <span class=\"screen-reader-text\">JE VIS AVEC FREDDIE MERCURY<\/span><\/a><\/p>\n","protected":false},"author":1,"featured_media":412,"parent":0,"menu_order":0,"comment_status":"closed","ping_status":"closed","template":"elementor_header_footer","meta":{"footnotes":""},"class_list":["post-975","page","type-page","status-publish","has-post-thumbnail","hentry","entry"],"_links":{"self":[{"href":"https:\/\/leshistoriensdupresent.fr\/index.php\/wp-json\/wp\/v2\/pages\/975","targetHints":{"allow":["GET"]}}],"collection":[{"href":"https:\/\/leshistoriensdupresent.fr\/index.php\/wp-json\/wp\/v2\/pages"}],"about":[{"href":"https:\/\/leshistoriensdupresent.fr\/index.php\/wp-json\/wp\/v2\/types\/page"}],"author":[{"embeddable":true,"href":"https:\/\/leshistoriensdupresent.fr\/index.php\/wp-json\/wp\/v2\/users\/1"}],"replies":[{"embeddable":true,"href":"https:\/\/leshistoriensdupresent.fr\/index.php\/wp-json\/wp\/v2\/comments?post=975"}],"version-history":[{"count":16,"href":"https:\/\/leshistoriensdupresent.fr\/index.php\/wp-json\/wp\/v2\/pages\/975\/revisions"}],"predecessor-version":[{"id":1065,"href":"https:\/\/leshistoriensdupresent.fr\/index.php\/wp-json\/wp\/v2\/pages\/975\/revisions\/1065"}],"wp:featuredmedia":[{"embeddable":true,"href":"https:\/\/leshistoriensdupresent.fr\/index.php\/wp-json\/wp\/v2\/media\/412"}],"wp:attachment":[{"href":"https:\/\/leshistoriensdupresent.fr\/index.php\/wp-json\/wp\/v2\/media?parent=975"}],"curies":[{"name":"wp","href":"https:\/\/api.w.org\/{rel}","templated":true}]}}